{"id":234,"date":"2021-01-16T21:55:26","date_gmt":"2021-01-16T20:55:26","guid":{"rendered":"http:\/\/juventudvallekas.com\/?page_id=234"},"modified":"2022-02-15T17:38:57","modified_gmt":"2022-02-15T16:38:57","slug":"tercera-division","status":"publish","type":"page","link":"https:\/\/juventudvallekas.com\/index.php\/tercera-division\/","title":{"rendered":"TERCERA DIVISI\u00d3N"},"content":{"rendered":"<p>[et_pb_section fb_built=&#8221;1&#8243; _builder_version=&#8221;4.7.7&#8243; _module_preset=&#8221;default&#8221; custom_margin=&#8221;||-108px|||&#8221; global_colors_info=&#8221;{}&#8221;][et_pb_row column_structure=&#8221;1_2,1_2&#8243; _builder_version=&#8221;4.7.7&#8243; _module_preset=&#8221;default&#8221; global_colors_info=&#8221;{}&#8221;][et_pb_column type=&#8221;1_2&#8243; _builder_version=&#8221;4.7.7&#8243; _module_preset=&#8221;default&#8221; global_colors_info=&#8221;{}&#8221;][et_pb_image src=&#8221;http:\/\/juventudvallekas.com\/wp-content\/uploads\/2022\/02\/Foto-Senior.jpg&#8221; alt=&#8221;Foto de equipo del Tercera Divisi\u00f3n&#8221; title_text=&#8221;Foto Senior&#8221; _builder_version=&#8221;4.14.2&#8243; _module_preset=&#8221;default&#8221; hover_enabled=&#8221;0&#8243; global_colors_info=&#8221;{}&#8221; sticky_enabled=&#8221;0&#8243;][\/et_pb_image][\/et_pb_column][et_pb_column type=&#8221;1_2&#8243; _builder_version=&#8221;4.7.7&#8243; _module_preset=&#8221;default&#8221; global_colors_info=&#8221;{}&#8221;][et_pb_text _builder_version=&#8221;4.7.7&#8243; _module_preset=&#8221;default&#8221; text_font=&#8221;Alata|700|||||||&#8221; text_font_size=&#8221;25px&#8221; text_line_height=&#8221;1.8em&#8221; header_font=&#8221;Alata|700|||||||&#8221; header_text_align=&#8221;center&#8221; header_text_color=&#8221;#000000&#8243; header_font_size=&#8221;38px&#8221; custom_margin=&#8221;58px|||||&#8221; custom_padding=&#8221;0px|||||&#8221; border_width_top=&#8221;5px&#8221; border_color_top=&#8221;#FFD900&#8243; border_width_bottom=&#8221;5px&#8221; border_color_bottom=&#8221;#00BAEE&#8221; global_colors_info=&#8221;{}&#8221;]<\/p>\n<h1 style=\"text-align: center;\"><\/h1>\n<h1 style=\"text-align: center;\">TERCERA DIVISI\u00d3N<\/h1>\n<p style=\"text-align: center;\">Conoce a todos los jugadores de la plantilla del equipo Senior<\/p>\n<p>[\/et_pb_text][et_pb_button button_url=&#8221;https:\/\/juventudvallekas.com\/index.php\/proximamente\/&#8221; button_text=&#8221;CONOCE LA PLANTILLA&#8221; button_alignment=&#8221;center&#8221; _builder_version=&#8221;4.9.10&#8243; _module_preset=&#8221;default&#8221; custom_button=&#8221;on&#8221; button_text_color=&#8221;#000000&#8243; button_font=&#8221;Alata||||||||&#8221; animation_style=&#8221;fade&#8221; global_colors_info=&#8221;{}&#8221;][\/et_pb_button][\/et_pb_column][\/et_pb_row][\/et_pb_section][et_pb_section fb_built=&#8221;1&#8243; _builder_version=&#8221;4.14.2&#8243; _module_preset=&#8221;default&#8221; hover_enabled=&#8221;0&#8243; global_colors_info=&#8221;{}&#8221; disabled_on=&#8221;on|on|on&#8221; disabled=&#8221;on&#8221; sticky_enabled=&#8221;0&#8243;][et_pb_row column_structure=&#8221;1_5,1_5,1_5,1_5,1_5&#8243; _builder_version=&#8221;4.7.7&#8243; _module_preset=&#8221;default&#8221; custom_padding=&#8221;||0px|||&#8221; global_colors_info=&#8221;{}&#8221;][et_pb_column type=&#8221;1_5&#8243; _builder_version=&#8221;4.7.7&#8243; _module_preset=&#8221;default&#8221; global_colors_info=&#8221;{}&#8221;][et_pb_image src=&#8221;http:\/\/juventudvallekas.com\/wp-content\/uploads\/2021\/01\/Depor-150&#215;150.png&#8221; alt=&#8221;Deporcoslada&#8221; title_text=&#8221;Deporcoslada&#8221; align=&#8221;center&#8221; _builder_version=&#8221;4.7.7&#8243; _module_preset=&#8221;default&#8221; width=&#8221;41%&#8221; custom_margin=&#8221;||-1px|||&#8221; global_colors_info=&#8221;{}&#8221;][\/et_pb_image][et_pb_text _builder_version=&#8221;4.7.7&#8243; _module_preset=&#8221;default&#8221; text_font=&#8221;Alata|700|||||||&#8221; text_font_size=&#8221;17px&#8221; border_width_bottom=&#8221;3px&#8221; border_color_bottom=&#8221;#e09900&#8243; global_colors_info=&#8221;{}&#8221;]<\/p>\n<p style=\"text-align: center;\">3-3<\/p>\n<p>[\/et_pb_text][\/et_pb_column][et_pb_column type=&#8221;1_5&#8243; _builder_version=&#8221;4.7.7&#8243; _module_preset=&#8221;default&#8221; global_colors_info=&#8221;{}&#8221;][et_pb_image src=&#8221;http:\/\/juventudvallekas.com\/wp-content\/uploads\/2021\/01\/distrito.png&#8221; alt=&#8221;Distrito III&#8221; title_text=&#8221;Distrito III&#8221; align=&#8221;center&#8221; _builder_version=&#8221;4.7.7&#8243; _module_preset=&#8221;default&#8221; width=&#8221;55%&#8221; custom_margin=&#8221;||-1px|||&#8221; global_colors_info=&#8221;{}&#8221;][\/et_pb_image][et_pb_text _builder_version=&#8221;4.7.7&#8243; _module_preset=&#8221;default&#8221; text_font=&#8221;Alata|700|||||||&#8221; text_font_size=&#8221;17px&#8221; border_width_bottom=&#8221;3px&#8221; border_color_bottom=&#8221;#7cda24&#8243; global_colors_info=&#8221;{}&#8221;]<\/p>\n<p style=\"text-align: center;\">3-2<\/p>\n<p>[\/et_pb_text][\/et_pb_column][et_pb_column type=&#8221;1_5&#8243; _builder_version=&#8221;4.7.7&#8243; _module_preset=&#8221;default&#8221; global_colors_info=&#8221;{}&#8221;][et_pb_image src=&#8221;http:\/\/juventudvallekas.com\/wp-content\/uploads\/2021\/01\/Pilaristas-150&#215;150.png&#8221; alt=&#8221;Pilaristas&#8221; title_text=&#8221;Pilaristas&#8221; align=&#8221;center&#8221; _builder_version=&#8221;4.7.7&#8243; _module_preset=&#8221;default&#8221; width=&#8221;41%&#8221; custom_margin=&#8221;||-1px|||&#8221; global_colors_info=&#8221;{}&#8221;][\/et_pb_image][et_pb_text _builder_version=&#8221;4.7.7&#8243; _module_preset=&#8221;default&#8221; text_font=&#8221;Alata|700|||||||&#8221; text_font_size=&#8221;17px&#8221; border_width_bottom=&#8221;3px&#8221; border_color_bottom=&#8221;#e02b20&#8243; global_colors_info=&#8221;{}&#8221;]<\/p>\n<p style=\"text-align: center;\">6-0<\/p>\n<p>[\/et_pb_text][\/et_pb_column][et_pb_column type=&#8221;1_5&#8243; _builder_version=&#8221;4.7.7&#8243; _module_preset=&#8221;default&#8221; global_colors_info=&#8221;{}&#8221;][et_pb_image src=&#8221;http:\/\/juventudvallekas.com\/wp-content\/uploads\/2021\/01\/Distrito-21-150&#215;150.png&#8221; alt=&#8221;Distrito 21&#8243; title_text=&#8221;Distrito 21&#8243; align=&#8221;center&#8221; _builder_version=&#8221;4.7.7&#8243; _module_preset=&#8221;default&#8221; width=&#8221;41%&#8221; custom_margin=&#8221;||-1px|||&#8221; global_colors_info=&#8221;{}&#8221;][\/et_pb_image][et_pb_text _builder_version=&#8221;4.7.7&#8243; _module_preset=&#8221;default&#8221; text_font=&#8221;Alata|700|||||||&#8221; text_font_size=&#8221;17px&#8221; border_width_bottom=&#8221;3px&#8221; border_color_bottom=&#8221;#e09900&#8243; global_colors_info=&#8221;{}&#8221;]<\/p>\n<p style=\"text-align: center;\">5-5<\/p>\n<p>[\/et_pb_text][\/et_pb_column][et_pb_column type=&#8221;1_5&#8243; _builder_version=&#8221;4.7.7&#8243; _module_preset=&#8221;default&#8221; global_colors_info=&#8221;{}&#8221;][et_pb_image src=&#8221;http:\/\/juventudvallekas.com\/wp-content\/uploads\/2021\/01\/Torrejon-sala-png-150&#215;150.png&#8221; alt=&#8221;Torrejon sala &#8221; title_text=&#8221;Torrejon sala &#8221; align=&#8221;center&#8221; _builder_version=&#8221;4.7.7&#8243; _module_preset=&#8221;default&#8221; width=&#8221;41%&#8221; custom_margin=&#8221;||-1px|||&#8221; global_colors_info=&#8221;{}&#8221;][\/et_pb_image][et_pb_text _builder_version=&#8221;4.7.7&#8243; _module_preset=&#8221;default&#8221; text_font=&#8221;Alata|700|||||||&#8221; text_font_size=&#8221;17px&#8221; border_width_bottom=&#8221;3px&#8221; border_color_bottom=&#8221;#e09900&#8243; global_colors_info=&#8221;{}&#8221;]<\/p>\n<p style=\"text-align: center;\">3-3<\/p>\n<p>[\/et_pb_text][\/et_pb_column][\/et_pb_row][\/et_pb_section][et_pb_section fb_built=&#8221;1&#8243; _builder_version=&#8221;4.14.2&#8243; _module_preset=&#8221;default&#8221; custom_padding=&#8221;0px|||||&#8221; hover_enabled=&#8221;0&#8243; global_colors_info=&#8221;{}&#8221; disabled_on=&#8221;on|on|on&#8221; disabled=&#8221;on&#8221; sticky_enabled=&#8221;0&#8243;][et_pb_row _builder_version=&#8221;4.7.7&#8243; _module_preset=&#8221;default&#8221; global_colors_info=&#8221;{}&#8221;][et_pb_column type=&#8221;4_4&#8243; _builder_version=&#8221;4.7.7&#8243; _module_preset=&#8221;default&#8221; global_colors_info=&#8221;{}&#8221;][et_pb_text _builder_version=&#8221;4.7.7&#8243; _module_preset=&#8221;default&#8221; text_font=&#8221;Alata|700|||||||&#8221; text_font_size=&#8221;17px&#8221; header_2_font=&#8221;Alata||||||||&#8221; header_2_text_align=&#8221;center&#8221; width=&#8221;62%&#8221; module_alignment=&#8221;center&#8221; border_width_top=&#8221;5px&#8221; border_color_top=&#8221;#FFD900&#8243; border_width_bottom=&#8221;5px&#8221; border_color_bottom=&#8221;#00ccff&#8221; global_colors_info=&#8221;{}&#8221;]<\/p>\n<h2><\/h2>\n<h2>PR\u00d3XIMOS ENCUENTROS<\/h2>\n<p>[\/et_pb_text][\/et_pb_column][\/et_pb_row][et_pb_row column_structure=&#8221;1_3,1_3,1_3&#8243; make_equal=&#8221;on&#8221; _builder_version=&#8221;4.7.7&#8243; _module_preset=&#8221;default&#8221; max_width=&#8221;740px&#8221; custom_padding=&#8221;1px||0px|||&#8221; global_colors_info=&#8221;{}&#8221;][et_pb_column type=&#8221;1_3&#8243; _builder_version=&#8221;4.7.7&#8243; _module_preset=&#8221;default&#8221; global_colors_info=&#8221;{}&#8221;][et_pb_image src=&#8221;http:\/\/juventudvallekas.com\/wp-content\/uploads\/2021\/08\/Escudo-ciudad-villa-de-vallecas-150&#215;150.png&#8221; alt=&#8221;Escudo Ciudad Villa de Vallecas&#8221; title_text=&#8221;Escudo ciudad villa de vallecas&#8221; align=&#8221;center&#8221; _builder_version=&#8221;4.9.10&#8243; _module_preset=&#8221;default&#8221; custom_padding=&#8221;|0px||||&#8221; global_colors_info=&#8221;{}&#8221;][\/et_pb_image][\/et_pb_column][et_pb_column type=&#8221;1_3&#8243; _builder_version=&#8221;4.7.7&#8243; _module_preset=&#8221;default&#8221; global_colors_info=&#8221;{}&#8221;][et_pb_text _builder_version=&#8221;4.7.7&#8243; _module_preset=&#8221;default&#8221; global_colors_info=&#8221;{}&#8221;][\/et_pb_text][et_pb_text _builder_version=&#8221;4.7.7&#8243; _module_preset=&#8221;default&#8221; text_font=&#8221;Alata|700|||||||&#8221; text_font_size=&#8221;15px&#8221; custom_margin=&#8221;-23px|||||&#8221; global_colors_info=&#8221;{}&#8221;]<\/p>\n<p style=\"text-align: center;\">10\/01\/2021<\/p>\n<p>[\/et_pb_text][et_pb_text _builder_version=&#8221;4.7.7&#8243; _module_preset=&#8221;default&#8221; text_font=&#8221;Alata|700|||||||&#8221; text_font_size=&#8221;17px&#8221; global_colors_info=&#8221;{}&#8221;]<\/p>\n<p style=\"text-align: center;\">12:00<\/p>\n<p>[\/et_pb_text][et_pb_text _builder_version=&#8221;4.7.7&#8243; _module_preset=&#8221;default&#8221; text_font=&#8221;Alata|700|||||||&#8221; custom_margin=&#8221;||-1px|||&#8221; custom_padding=&#8221;||27px|||&#8221; global_colors_info=&#8221;{}&#8221;]<\/p>\n<p style=\"text-align: center;\">P.M. MIGUEL GUILLEN PRIM<\/p>\n<p>[\/et_pb_text][\/et_pb_column][et_pb_column type=&#8221;1_3&#8243; _builder_version=&#8221;4.7.7&#8243; _module_preset=&#8221;default&#8221; global_colors_info=&#8221;{}&#8221;][et_pb_image src=&#8221;http:\/\/juventudvallekas.com\/wp-content\/uploads\/2021\/01\/Casco-antiguo-150&#215;150.jpg&#8221; alt=&#8221;Escudo Casco Antiguo&#8221; title_text=&#8221;Casco antiguo&#8221; align=&#8221;center&#8221; _builder_version=&#8221;4.7.7&#8243; _module_preset=&#8221;default&#8221; global_colors_info=&#8221;{}&#8221;][\/et_pb_image][\/et_pb_column][\/et_pb_row][et_pb_row column_structure=&#8221;1_3,1_3,1_3&#8243; make_equal=&#8221;on&#8221; _builder_version=&#8221;4.7.7&#8243; _module_preset=&#8221;default&#8221; max_width=&#8221;740px&#8221; custom_padding=&#8221;1px||0px|||&#8221; global_colors_info=&#8221;{}&#8221;][et_pb_column type=&#8221;1_3&#8243; _builder_version=&#8221;4.7.7&#8243; _module_preset=&#8221;default&#8221; global_colors_info=&#8221;{}&#8221;][et_pb_image src=&#8221;http:\/\/juventudvallekas.com\/wp-content\/uploads\/2021\/01\/Paraiso-Futsal-150&#215;150.png&#8221; alt=&#8221;Escudo Paraiso Futsal&#8221; title_text=&#8221;Paraiso Futsal&#8221; align=&#8221;center&#8221; _builder_version=&#8221;4.7.7&#8243; _module_preset=&#8221;default&#8221; global_colors_info=&#8221;{}&#8221;][\/et_pb_image][\/et_pb_column][et_pb_column type=&#8221;1_3&#8243; _builder_version=&#8221;4.7.7&#8243; _module_preset=&#8221;default&#8221; global_colors_info=&#8221;{}&#8221;][et_pb_text _builder_version=&#8221;4.7.7&#8243; _module_preset=&#8221;default&#8221; global_colors_info=&#8221;{}&#8221;][\/et_pb_text][et_pb_text _builder_version=&#8221;4.7.7&#8243; _module_preset=&#8221;default&#8221; text_font=&#8221;Alata|700|||||||&#8221; text_font_size=&#8221;15px&#8221; custom_margin=&#8221;-23px|||||&#8221; global_colors_info=&#8221;{}&#8221;]<\/p>\n<p style=\"text-align: center;\">17\/01\/2021<\/p>\n<p>[\/et_pb_text][et_pb_text _builder_version=&#8221;4.7.7&#8243; _module_preset=&#8221;default&#8221; text_font=&#8221;Alata|700|||||||&#8221; text_font_size=&#8221;17px&#8221; global_colors_info=&#8221;{}&#8221;]<\/p>\n<p style=\"text-align: center;\">12:00<\/p>\n<p>[\/et_pb_text][et_pb_text _builder_version=&#8221;4.7.7&#8243; _module_preset=&#8221;default&#8221; text_font=&#8221;Alata|700|||||||&#8221; custom_margin=&#8221;||-1px|||&#8221; custom_padding=&#8221;||27px|||&#8221; global_colors_info=&#8221;{}&#8221;]<\/p>\n<p style=\"text-align: center;\">COLEGIO PARAISO SAGRADOS CORAZONES<\/p>\n<p>[\/et_pb_text][\/et_pb_column][et_pb_column type=&#8221;1_3&#8243; _builder_version=&#8221;4.7.7&#8243; _module_preset=&#8221;default&#8221; global_colors_info=&#8221;{}&#8221;][et_pb_image src=&#8221;http:\/\/juventudvallekas.com\/wp-content\/uploads\/2021\/01\/PRIM-COLOR-TRANSPARENTE-150&#215;150.png&#8221; alt=&#8221;Escudo Juventud Vallekas&#8221; title_text=&#8221;Escudo Juventud Vallekas&#8221; align=&#8221;center&#8221; _builder_version=&#8221;4.7.7&#8243; _module_preset=&#8221;default&#8221; global_colors_info=&#8221;{}&#8221;][\/et_pb_image][\/et_pb_column][\/et_pb_row][et_pb_row column_structure=&#8221;1_3,1_3,1_3&#8243; make_equal=&#8221;on&#8221; _builder_version=&#8221;4.7.7&#8243; _module_preset=&#8221;default&#8221; max_width=&#8221;740px&#8221; custom_padding=&#8221;1px||0px|||&#8221; global_colors_info=&#8221;{}&#8221;][et_pb_column type=&#8221;1_3&#8243; _builder_version=&#8221;4.7.7&#8243; _module_preset=&#8221;default&#8221; global_colors_info=&#8221;{}&#8221;][et_pb_image src=&#8221;http:\/\/juventudvallekas.com\/wp-content\/uploads\/2021\/01\/PRIM-COLOR-TRANSPARENTE-150&#215;150.png&#8221; alt=&#8221;Escudo Juventud Vallekas&#8221; title_text=&#8221;Escudo Juventud Vallekas&#8221; align=&#8221;center&#8221; _builder_version=&#8221;4.7.7&#8243; _module_preset=&#8221;default&#8221; global_colors_info=&#8221;{}&#8221;][\/et_pb_image][\/et_pb_column][et_pb_column type=&#8221;1_3&#8243; _builder_version=&#8221;4.7.7&#8243; _module_preset=&#8221;default&#8221; global_colors_info=&#8221;{}&#8221;][et_pb_text _builder_version=&#8221;4.7.7&#8243; _module_preset=&#8221;default&#8221; global_colors_info=&#8221;{}&#8221;][\/et_pb_text][et_pb_text _builder_version=&#8221;4.7.7&#8243; _module_preset=&#8221;default&#8221; text_font=&#8221;Alata|700|||||||&#8221; text_font_size=&#8221;15px&#8221; custom_margin=&#8221;-23px|||||&#8221; global_colors_info=&#8221;{}&#8221;]<\/p>\n<p style=\"text-align: center;\">23\/01\/2021<\/p>\n<p>[\/et_pb_text][et_pb_text _builder_version=&#8221;4.7.7&#8243; _module_preset=&#8221;default&#8221; text_font=&#8221;Alata|700|||||||&#8221; text_font_size=&#8221;17px&#8221; global_colors_info=&#8221;{}&#8221;]<\/p>\n<p style=\"text-align: center;\">DESCANSA<\/p>\n<p>[\/et_pb_text][et_pb_text _builder_version=&#8221;4.7.7&#8243; _module_preset=&#8221;default&#8221; text_font=&#8221;Alata|700|||||||&#8221; custom_margin=&#8221;||-1px|||&#8221; custom_padding=&#8221;||27px|||&#8221; global_colors_info=&#8221;{}&#8221;]<\/p>\n<p style=\"text-align: center;\">&#8211;<\/p>\n<p>[\/et_pb_text][\/et_pb_column][et_pb_column type=&#8221;1_3&#8243; _builder_version=&#8221;4.7.7&#8243; _module_preset=&#8221;default&#8221; global_colors_info=&#8221;{}&#8221;][et_pb_image src=&#8221;http:\/\/juventudvallekas.com\/wp-content\/uploads\/2021\/01\/PRIM-COLOR-TRANSPARENTE-150&#215;150.png&#8221; alt=&#8221;Escudo Juventud Vallekas&#8221; title_text=&#8221;Escudo Juventud Vallekas&#8221; align=&#8221;center&#8221; _builder_version=&#8221;4.7.7&#8243; _module_preset=&#8221;default&#8221; global_colors_info=&#8221;{}&#8221;][\/et_pb_image][\/et_pb_column][\/et_pb_row][\/et_pb_section][et_pb_section fb_built=&#8221;1&#8243; _builder_version=&#8221;4.14.2&#8243; _module_preset=&#8221;default&#8221; hover_enabled=&#8221;0&#8243; global_colors_info=&#8221;{}&#8221; disabled_on=&#8221;off|off|off&#8221; sticky_enabled=&#8221;0&#8243;][et_pb_row _builder_version=&#8221;4.7.7&#8243; _module_preset=&#8221;default&#8221; global_colors_info=&#8221;{}&#8221;][et_pb_column type=&#8221;4_4&#8243; _builder_version=&#8221;4.7.7&#8243; _module_preset=&#8221;default&#8221; global_colors_info=&#8221;{}&#8221;][et_pb_text _builder_version=&#8221;4.7.7&#8243; _module_preset=&#8221;default&#8221; text_font=&#8221;Alata||||||||&#8221; text_font_size=&#8221;34px&#8221; header_2_font=&#8221;Alata||||||||&#8221; header_2_text_align=&#8221;center&#8221; header_2_font_size=&#8221;40px&#8221; header_3_font=&#8221;Alata||||||||&#8221; border_width_top=&#8221;5px&#8221; border_color_top=&#8221;#FFD900&#8243; border_width_bottom=&#8221;5px&#8221; border_color_bottom=&#8221;#00BAEE&#8221; global_module=&#8221;320&#8243; saved_tabs=&#8221;all&#8221; global_colors_info=&#8221;{}&#8221;]<\/p>\n<h2><\/h2>\n<h2>NOTICIAS JUVENTUD VALLEKAS<\/h2>\n<p>[\/et_pb_text][et_pb_blog fullwidth=&#8221;off&#8221; posts_number=&#8221;3&#8243; include_categories=&#8221;25,28&#8243; show_author=&#8221;off&#8221; show_date=&#8221;off&#8221; show_categories=&#8221;off&#8221; _builder_version=&#8221;4.7.7&#8243; _module_preset=&#8221;default&#8221; global_colors_info=&#8221;{}&#8221;][\/et_pb_blog][\/et_pb_column][\/et_pb_row][\/et_pb_section][et_pb_section fb_built=&#8221;1&#8243; _builder_version=&#8221;4.7.7&#8243; _module_preset=&#8221;default&#8221; global_colors_info=&#8221;{}&#8221;][\/et_pb_section][et_pb_section fb_built=&#8221;1&#8243; _builder_version=&#8221;4.7.7&#8243; _module_preset=&#8221;default&#8221; global_colors_info=&#8221;{}&#8221;][\/et_pb_section]<\/p>\n","protected":false},"excerpt":{"rendered":"<p>Tercera Divisi\u00f3n<\/p>\n","protected":false},"author":1,"featured_media":253,"parent":0,"menu_order":0,"comment_status":"closed","ping_status":"closed","template":"","meta":{"_et_pb_use_builder":"on","_et_pb_old_content":"","_et_gb_content_width":"","footnotes":""},"class_list":["post-234","page","type-page","status-publish","has-post-thumbnail","hentry"],"yoast_head":"<!-- This site is optimized with the Yoast SEO plugin v27.5 - https:\/\/yoast.com\/product\/yoast-seo-wordpress\/ -->\n<title>TERCERA DIVISI\u00d3N MADRID - juventudvallekas.com<\/title>\n<meta name=\"description\" content=\"Toda la informaci\u00f3n sobre la actualidad de nuestro equipo de tercera divisi\u00f3n, ultimos resultados, pr\u00f3ximos encuentros y ultimas noticias.\" \/>\n<meta name=\"robots\" content=\"index, follow, max-snippet:-1, max-image-preview:large, max-video-preview:-1\" \/>\n<link rel=\"canonical\" href=\"https:\/\/juventudvallekas.com\/index.php\/tercera-division\/\" \/>\n<meta property=\"og:locale\" content=\"es_ES\" \/>\n<meta property=\"og:type\" content=\"article\" \/>\n<meta property=\"og:title\" content=\"TERCERA DIVISI\u00d3N MADRID - juventudvallekas.com\" \/>\n<meta property=\"og:description\" content=\"Toda la informaci\u00f3n sobre la actualidad de nuestro equipo de tercera divisi\u00f3n, ultimos resultados, pr\u00f3ximos encuentros y ultimas noticias.\" \/>\n<meta property=\"og:url\" content=\"https:\/\/juventudvallekas.com\/index.php\/tercera-division\/\" \/>\n<meta property=\"og:site_name\" content=\"juventudvallekas.com\" \/>\n<meta property=\"article:modified_time\" content=\"2022-02-15T16:38:57+00:00\" \/>\n<meta property=\"og:image\" content=\"http:\/\/juventudvallekas.com\/wp-content\/uploads\/2021\/01\/DSC_0280-2-scaled.jpg\" \/>\n\t<meta property=\"og:image:width\" content=\"2560\" \/>\n\t<meta property=\"og:image:height\" content=\"1610\" \/>\n\t<meta property=\"og:image:type\" content=\"image\/jpeg\" \/>\n<meta name=\"twitter:card\" content=\"summary_large_image\" \/>\n<meta name=\"twitter:site\" content=\"@GuillenPrim\" \/>\n<meta name=\"twitter:label1\" content=\"Tiempo de lectura\" \/>\n\t<meta name=\"twitter:data1\" content=\"3 minutos\" \/>\n<script type=\"application\/ld+json\" class=\"yoast-schema-graph\">{\"@context\":\"https:\\\/\\\/schema.org\",\"@graph\":[{\"@type\":\"WebPage\",\"@id\":\"https:\\\/\\\/juventudvallekas.com\\\/index.php\\\/tercera-division\\\/\",\"url\":\"https:\\\/\\\/juventudvallekas.com\\\/index.php\\\/tercera-division\\\/\",\"name\":\"TERCERA DIVISI\u00d3N MADRID - juventudvallekas.com\",\"isPartOf\":{\"@id\":\"https:\\\/\\\/juventudvallekas.com\\\/#website\"},\"primaryImageOfPage\":{\"@id\":\"https:\\\/\\\/juventudvallekas.com\\\/index.php\\\/tercera-division\\\/#primaryimage\"},\"image\":{\"@id\":\"https:\\\/\\\/juventudvallekas.com\\\/index.php\\\/tercera-division\\\/#primaryimage\"},\"thumbnailUrl\":\"https:\\\/\\\/juventudvallekas.com\\\/wp-content\\\/uploads\\\/2021\\\/01\\\/DSC_0280-2-scaled.jpg\",\"datePublished\":\"2021-01-16T20:55:26+00:00\",\"dateModified\":\"2022-02-15T16:38:57+00:00\",\"description\":\"Toda la informaci\u00f3n sobre la actualidad de nuestro equipo de tercera divisi\u00f3n, ultimos resultados, pr\u00f3ximos encuentros y ultimas noticias.\",\"breadcrumb\":{\"@id\":\"https:\\\/\\\/juventudvallekas.com\\\/index.php\\\/tercera-division\\\/#breadcrumb\"},\"inLanguage\":\"es\",\"potentialAction\":[{\"@type\":\"ReadAction\",\"target\":[\"https:\\\/\\\/juventudvallekas.com\\\/index.php\\\/tercera-division\\\/\"]}]},{\"@type\":\"ImageObject\",\"inLanguage\":\"es\",\"@id\":\"https:\\\/\\\/juventudvallekas.com\\\/index.php\\\/tercera-division\\\/#primaryimage\",\"url\":\"https:\\\/\\\/juventudvallekas.com\\\/wp-content\\\/uploads\\\/2021\\\/01\\\/DSC_0280-2-scaled.jpg\",\"contentUrl\":\"https:\\\/\\\/juventudvallekas.com\\\/wp-content\\\/uploads\\\/2021\\\/01\\\/DSC_0280-2-scaled.jpg\",\"width\":2560,\"height\":1610,\"caption\":\"Foto equipo Senior\"},{\"@type\":\"BreadcrumbList\",\"@id\":\"https:\\\/\\\/juventudvallekas.com\\\/index.php\\\/tercera-division\\\/#breadcrumb\",\"itemListElement\":[{\"@type\":\"ListItem\",\"position\":1,\"name\":\"Portada\",\"item\":\"https:\\\/\\\/juventudvallekas.com\\\/\"},{\"@type\":\"ListItem\",\"position\":2,\"name\":\"TERCERA DIVISI\u00d3N\"}]},{\"@type\":\"WebSite\",\"@id\":\"https:\\\/\\\/juventudvallekas.com\\\/#website\",\"url\":\"https:\\\/\\\/juventudvallekas.com\\\/\",\"name\":\"juventudvallekas.com\",\"description\":\"Juventud Vallekas\",\"publisher\":{\"@id\":\"https:\\\/\\\/juventudvallekas.com\\\/#organization\"},\"potentialAction\":[{\"@type\":\"SearchAction\",\"target\":{\"@type\":\"EntryPoint\",\"urlTemplate\":\"https:\\\/\\\/juventudvallekas.com\\\/?s={search_term_string}\"},\"query-input\":{\"@type\":\"PropertyValueSpecification\",\"valueRequired\":true,\"valueName\":\"search_term_string\"}}],\"inLanguage\":\"es\"},{\"@type\":\"Organization\",\"@id\":\"https:\\\/\\\/juventudvallekas.com\\\/#organization\",\"name\":\"JUVENTUD VALLEKAS\",\"url\":\"https:\\\/\\\/juventudvallekas.com\\\/\",\"logo\":{\"@type\":\"ImageObject\",\"inLanguage\":\"es\",\"@id\":\"https:\\\/\\\/juventudvallekas.com\\\/#\\\/schema\\\/logo\\\/image\\\/\",\"url\":\"http:\\\/\\\/juventudvallekas.com\\\/wp-content\\\/uploads\\\/2021\\\/01\\\/cropped-PRIM-COLOR-TRANSPARENTE.png\",\"contentUrl\":\"http:\\\/\\\/juventudvallekas.com\\\/wp-content\\\/uploads\\\/2021\\\/01\\\/cropped-PRIM-COLOR-TRANSPARENTE.png\",\"width\":512,\"height\":512,\"caption\":\"JUVENTUD VALLEKAS\"},\"image\":{\"@id\":\"https:\\\/\\\/juventudvallekas.com\\\/#\\\/schema\\\/logo\\\/image\\\/\"},\"sameAs\":[\"https:\\\/\\\/x.com\\\/GuillenPrim\",\"https:\\\/\\\/www.instagram.com\\\/epmiguelguillenprim\\\/?hl=es\",\"https:\\\/\\\/www.youtube.com\\\/channel\\\/UCWEGj4-4BvuqM4M3KmCPM6Q\"]}]}<\/script>\n<!-- \/ Yoast SEO plugin. -->","yoast_head_json":{"title":"TERCERA DIVISI\u00d3N MADRID - juventudvallekas.com","description":"Toda la informaci\u00f3n sobre la actualidad de nuestro equipo de tercera divisi\u00f3n, ultimos resultados, pr\u00f3ximos encuentros y ultimas noticias.","robots":{"index":"index","follow":"follow","max-snippet":"max-snippet:-1","max-image-preview":"max-image-preview:large","max-video-preview":"max-video-preview:-1"},"canonical":"https:\/\/juventudvallekas.com\/index.php\/tercera-division\/","og_locale":"es_ES","og_type":"article","og_title":"TERCERA DIVISI\u00d3N MADRID - juventudvallekas.com","og_description":"Toda la informaci\u00f3n sobre la actualidad de nuestro equipo de tercera divisi\u00f3n, ultimos resultados, pr\u00f3ximos encuentros y ultimas noticias.","og_url":"https:\/\/juventudvallekas.com\/index.php\/tercera-division\/","og_site_name":"juventudvallekas.com","article_modified_time":"2022-02-15T16:38:57+00:00","og_image":[{"width":2560,"height":1610,"url":"http:\/\/juventudvallekas.com\/wp-content\/uploads\/2021\/01\/DSC_0280-2-scaled.jpg","type":"image\/jpeg"}],"twitter_card":"summary_large_image","twitter_site":"@GuillenPrim","twitter_misc":{"Tiempo de lectura":"3 minutos"},"schema":{"@context":"https:\/\/schema.org","@graph":[{"@type":"WebPage","@id":"https:\/\/juventudvallekas.com\/index.php\/tercera-division\/","url":"https:\/\/juventudvallekas.com\/index.php\/tercera-division\/","name":"TERCERA DIVISI\u00d3N MADRID - juventudvallekas.com","isPartOf":{"@id":"https:\/\/juventudvallekas.com\/#website"},"primaryImageOfPage":{"@id":"https:\/\/juventudvallekas.com\/index.php\/tercera-division\/#primaryimage"},"image":{"@id":"https:\/\/juventudvallekas.com\/index.php\/tercera-division\/#primaryimage"},"thumbnailUrl":"https:\/\/juventudvallekas.com\/wp-content\/uploads\/2021\/01\/DSC_0280-2-scaled.jpg","datePublished":"2021-01-16T20:55:26+00:00","dateModified":"2022-02-15T16:38:57+00:00","description":"Toda la informaci\u00f3n sobre la actualidad de nuestro equipo de tercera divisi\u00f3n, ultimos resultados, pr\u00f3ximos encuentros y ultimas noticias.","breadcrumb":{"@id":"https:\/\/juventudvallekas.com\/index.php\/tercera-division\/#breadcrumb"},"inLanguage":"es","potentialAction":[{"@type":"ReadAction","target":["https:\/\/juventudvallekas.com\/index.php\/tercera-division\/"]}]},{"@type":"ImageObject","inLanguage":"es","@id":"https:\/\/juventudvallekas.com\/index.php\/tercera-division\/#primaryimage","url":"https:\/\/juventudvallekas.com\/wp-content\/uploads\/2021\/01\/DSC_0280-2-scaled.jpg","contentUrl":"https:\/\/juventudvallekas.com\/wp-content\/uploads\/2021\/01\/DSC_0280-2-scaled.jpg","width":2560,"height":1610,"caption":"Foto equipo Senior"},{"@type":"BreadcrumbList","@id":"https:\/\/juventudvallekas.com\/index.php\/tercera-division\/#breadcrumb","itemListElement":[{"@type":"ListItem","position":1,"name":"Portada","item":"https:\/\/juventudvallekas.com\/"},{"@type":"ListItem","position":2,"name":"TERCERA DIVISI\u00d3N"}]},{"@type":"WebSite","@id":"https:\/\/juventudvallekas.com\/#website","url":"https:\/\/juventudvallekas.com\/","name":"juventudvallekas.com","description":"Juventud Vallekas","publisher":{"@id":"https:\/\/juventudvallekas.com\/#organization"},"potentialAction":[{"@type":"SearchAction","target":{"@type":"EntryPoint","urlTemplate":"https:\/\/juventudvallekas.com\/?s={search_term_string}"},"query-input":{"@type":"PropertyValueSpecification","valueRequired":true,"valueName":"search_term_string"}}],"inLanguage":"es"},{"@type":"Organization","@id":"https:\/\/juventudvallekas.com\/#organization","name":"JUVENTUD VALLEKAS","url":"https:\/\/juventudvallekas.com\/","logo":{"@type":"ImageObject","inLanguage":"es","@id":"https:\/\/juventudvallekas.com\/#\/schema\/logo\/image\/","url":"http:\/\/juventudvallekas.com\/wp-content\/uploads\/2021\/01\/cropped-PRIM-COLOR-TRANSPARENTE.png","contentUrl":"http:\/\/juventudvallekas.com\/wp-content\/uploads\/2021\/01\/cropped-PRIM-COLOR-TRANSPARENTE.png","width":512,"height":512,"caption":"JUVENTUD VALLEKAS"},"image":{"@id":"https:\/\/juventudvallekas.com\/#\/schema\/logo\/image\/"},"sameAs":["https:\/\/x.com\/GuillenPrim","https:\/\/www.instagram.com\/epmiguelguillenprim\/?hl=es","https:\/\/www.youtube.com\/channel\/UCWEGj4-4BvuqM4M3KmCPM6Q"]}]}},"_links":{"self":[{"href":"https:\/\/juventudvallekas.com\/index.php\/wp-json\/wp\/v2\/pages\/234","targetHints":{"allow":["GET"]}}],"collection":[{"href":"https:\/\/juventudvallekas.com\/index.php\/wp-json\/wp\/v2\/pages"}],"about":[{"href":"https:\/\/juventudvallekas.com\/index.php\/wp-json\/wp\/v2\/types\/page"}],"author":[{"embeddable":true,"href":"https:\/\/juventudvallekas.com\/index.php\/wp-json\/wp\/v2\/users\/1"}],"replies":[{"embeddable":true,"href":"https:\/\/juventudvallekas.com\/index.php\/wp-json\/wp\/v2\/comments?post=234"}],"version-history":[{"count":27,"href":"https:\/\/juventudvallekas.com\/index.php\/wp-json\/wp\/v2\/pages\/234\/revisions"}],"predecessor-version":[{"id":1560,"href":"https:\/\/juventudvallekas.com\/index.php\/wp-json\/wp\/v2\/pages\/234\/revisions\/1560"}],"wp:featuredmedia":[{"embeddable":true,"href":"https:\/\/juventudvallekas.com\/index.php\/wp-json\/wp\/v2\/media\/253"}],"wp:attachment":[{"href":"https:\/\/juventudvallekas.com\/index.php\/wp-json\/wp\/v2\/media?parent=234"}],"curies":[{"name":"wp","href":"https:\/\/api.w.org\/{rel}","templated":true}]}}