{"id":1285,"date":"2022-03-09T20:20:17","date_gmt":"2022-03-09T19:20:17","guid":{"rendered":"https:\/\/juventudvallekas.com\/?page_id=1285"},"modified":"2022-04-07T16:33:44","modified_gmt":"2022-04-07T15:33:44","slug":"horarios","status":"publish","type":"page","link":"https:\/\/juventudvallekas.com\/index.php\/horarios\/","title":{"rendered":"HORARIOS"},"content":{"rendered":"<p>[et_pb_section fb_built=&#8221;1&#8243; _builder_version=&#8221;4.7.7&#8243; _module_preset=&#8221;default&#8221; min_height=&#8221;273px&#8221; custom_padding=&#8221;3px|||||&#8221; global_colors_info=&#8221;{}&#8221;][et_pb_row _builder_version=&#8221;4.7.7&#8243; _module_preset=&#8221;default&#8221; global_colors_info=&#8221;{}&#8221;][et_pb_column type=&#8221;4_4&#8243; _builder_version=&#8221;4.7.7&#8243; _module_preset=&#8221;default&#8221; global_colors_info=&#8221;{}&#8221;][et_pb_text _builder_version=&#8221;4.7.7&#8243; _module_preset=&#8221;default&#8221; text_font=&#8221;Alata|700|||||||&#8221; text_font_size=&#8221;24px&#8221; header_font_size=&#8221;35px&#8221; custom_padding=&#8221;10px|||||&#8221; border_width_top=&#8221;5px&#8221; border_color_top=&#8221;#ffd900&#8243; border_width_bottom=&#8221;5px&#8221; border_color_bottom=&#8221;#00baee&#8221; global_colors_info=&#8221;{}&#8221;]<\/p>\n<h1 class=\"et_pb_module_header et-fb-editable-element et-fb-editable-element__editing\" data-shortcode-id=\"0.0-1610804802086\" data-quickaccess-id=\"title\" contenteditable=\"true\" style=\"text-align: center;\">HORARIOS PARTIDOS<\/h1>\n<p>[\/et_pb_text][\/et_pb_column][\/et_pb_row][et_pb_row column_structure=&#8221;1_2,1_2&#8243; _builder_version=&#8221;4.7.7&#8243; _module_preset=&#8221;default&#8221; global_colors_info=&#8221;{}&#8221;][et_pb_column type=&#8221;1_2&#8243; _builder_version=&#8221;4.7.7&#8243; _module_preset=&#8221;default&#8221; global_colors_info=&#8221;{}&#8221;][et_pb_text _builder_version=&#8221;4.14.2&#8243; _module_preset=&#8221;default&#8221; text_font=&#8221;Alata|700|||||||&#8221; text_font_size=&#8221;24px&#8221; header_font_size=&#8221;35px&#8221; custom_padding=&#8221;10px|||||&#8221; border_width_top=&#8221;5px&#8221; border_color_top=&#8221;#ffd900&#8243; border_width_bottom=&#8221;5px&#8221; border_color_bottom=&#8221;#00baee&#8221; global_colors_info=&#8221;{}&#8221;]<\/p>\n<h1 class=\"et_pb_module_header et-fb-editable-element et-fb-editable-element__editing\" data-shortcode-id=\"0.0-1610804802086\" data-quickaccess-id=\"title\" contenteditable=\"true\" style=\"text-align: center;\">SENIOR-TERCERA DIVISI\u00d3N<\/h1>\n<p>[\/et_pb_text][et_pb_text _builder_version=&#8221;4.14.2&#8243; _module_preset=&#8221;default&#8221; text_font=&#8221;Alata||||||||&#8221; text_font_size=&#8221;20px&#8221; header_2_font=&#8221;||||||||&#8221; global_colors_info=&#8221;{}&#8221;]<\/p>\n<h2 class=\"entry-title\"><\/h2>\n<p><span style=\"text-decoration: underline;\"><\/span><\/p>\n<p>D\u00cdA &#8211; DESCANSA<\/p>\n<p>HORA &#8211; DESCANSA<\/p>\n<p>RIVAL &#8211; DESCANSA<\/p>\n<p>Instalaci\u00f3n &#8211; DESCANSA<\/p>\n<p>&nbsp;<\/p>\n<p>&nbsp;<\/p>\n<p>[\/et_pb_text][\/et_pb_column][et_pb_column type=&#8221;1_2&#8243; _builder_version=&#8221;4.7.7&#8243; _module_preset=&#8221;default&#8221; global_colors_info=&#8221;{}&#8221;][et_pb_code _builder_version=&#8221;4.14.2&#8243; _module_preset=&#8221;default&#8221; hover_enabled=&#8221;0&#8243; sticky_enabled=&#8221;0&#8243;]<iframe src=\"https:\/\/www.google.com\/maps\/embed?pb=!1m14!1m8!1m3!1d6118.0706949799205!2d-3.9898690000000006!3d39.940599!3m2!1i1024!2i768!4f13.1!3m3!1m2!1s0x0%3A0x8794dc4637d27c71!2sPOLIDEPORTIVO%20MUNICIPAL%20DE%20OL%C3%8DAS%20DEL%20REY!5e0!3m2!1ses!2ses!4v1649345533401!5m2!1ses!2ses\" width=\"400\" height=\"300\" style=\"border:0;\" allowfullscreen=\"\" loading=\"lazy\" referrerpolicy=\"no-referrer-when-downgrade\"><\/iframe>[\/et_pb_code][\/et_pb_column][\/et_pb_row][et_pb_row column_structure=&#8221;1_2,1_2&#8243; _builder_version=&#8221;4.7.7&#8243; _module_preset=&#8221;default&#8221; global_colors_info=&#8221;{}&#8221;][et_pb_column type=&#8221;1_2&#8243; _builder_version=&#8221;4.7.7&#8243; _module_preset=&#8221;default&#8221; global_colors_info=&#8221;{}&#8221;][et_pb_text _builder_version=&#8221;4.7.7&#8243; _module_preset=&#8221;default&#8221; text_font=&#8221;Alata|700|||||||&#8221; text_font_size=&#8221;24px&#8221; header_font_size=&#8221;35px&#8221; custom_padding=&#8221;10px|||||&#8221; border_width_top=&#8221;5px&#8221; border_color_top=&#8221;#ffd900&#8243; border_width_bottom=&#8221;5px&#8221; border_color_bottom=&#8221;#00baee&#8221; global_colors_info=&#8221;{}&#8221;]<\/p>\n<h1 class=\"et_pb_module_header et-fb-editable-element et-fb-editable-element__editing\" data-shortcode-id=\"0.0-1610804802086\" data-quickaccess-id=\"title\" contenteditable=\"true\" style=\"text-align: center;\">JUVENIL DH<\/h1>\n<p>[\/et_pb_text][et_pb_text _builder_version=&#8221;4.14.2&#8243; _module_preset=&#8221;default&#8221; text_font=&#8221;Alata||||||||&#8221; text_font_size=&#8221;20px&#8221; header_2_font=&#8221;||||||||&#8221; global_colors_info=&#8221;{}&#8221;]<\/p>\n<h2 class=\"entry-title\"><\/h2>\n<p><span style=\"text-decoration: underline;\"><\/span><\/p>\n<p>D\u00cdA &#8211; 12 de marzo<\/p>\n<p>HORA &#8211; 19:00<\/p>\n<p>RIVAL &#8211; Moprisala<\/p>\n<p>Instalaci\u00f3n &#8211;\u00a0 Ol\u00edas del Rey (Toledo)<\/p>\n<p>&nbsp;<\/p>\n<p>&nbsp;<\/p>\n<p>[\/et_pb_text][\/et_pb_column][et_pb_column type=&#8221;1_2&#8243; _builder_version=&#8221;4.7.7&#8243; _module_preset=&#8221;default&#8221; global_colors_info=&#8221;{}&#8221;][et_pb_code _builder_version=&#8221;4.14.2&#8243; _module_preset=&#8221;default&#8221; global_colors_info=&#8221;{}&#8221;]<iframe <iframe src=\"https:\/\/www.google.com\/maps\/embed?pb=!1m18!1m12!1m3!1d3059.035164538074!2d-3.9920576838820763!3d39.94060309238084!2m3!1f0!2f0!3f0!3m2!1i1024!2i768!4f13.1!3m3!1m2!1s0xd41e1b9e955182d%3A0x8794dc4637d27c71!2sPOLIDEPORTIVO%20MUNICIPAL%20DE%20OL%C3%8DAS%20DEL%20REY!5e0!3m2!1ses!2ses!4v1646852532510!5m2!1ses!2ses\" width=\"400\" height=\"300\" style=\"border:0;\" allowfullscreen=\"\" loading=\"lazy\"><\/iframe>[\/et_pb_code][\/et_pb_column][\/et_pb_row][et_pb_row column_structure=&#8221;1_2,1_2&#8243; _builder_version=&#8221;4.7.7&#8243; _module_preset=&#8221;default&#8221; global_colors_info=&#8221;{}&#8221;][et_pb_column type=&#8221;1_2&#8243; _builder_version=&#8221;4.7.7&#8243; _module_preset=&#8221;default&#8221; global_colors_info=&#8221;{}&#8221;][et_pb_text _builder_version=&#8221;4.7.7&#8243; _module_preset=&#8221;default&#8221; text_font=&#8221;Alata|700|||||||&#8221; text_font_size=&#8221;24px&#8221; header_font_size=&#8221;35px&#8221; custom_padding=&#8221;10px|||||&#8221; border_width_top=&#8221;5px&#8221; border_color_top=&#8221;#ffd900&#8243; border_width_bottom=&#8221;5px&#8221; border_color_bottom=&#8221;#00baee&#8221; global_colors_info=&#8221;{}&#8221;]<\/p>\n<h1 class=\"et_pb_module_header et-fb-editable-element et-fb-editable-element__editing\" data-shortcode-id=\"0.0-1610804802086\" data-quickaccess-id=\"title\" contenteditable=\"true\" style=\"text-align: center;\">JUVENIL REGIONAL<\/h1>\n<p>[\/et_pb_text][et_pb_text _builder_version=&#8221;4.14.2&#8243; _module_preset=&#8221;default&#8221; text_font=&#8221;Alata||||||||&#8221; text_font_size=&#8221;20px&#8221; header_2_font=&#8221;||||||||&#8221; global_colors_info=&#8221;{}&#8221;]<\/p>\n<h2 class=\"entry-title\"><\/h2>\n<p><span style=\"text-decoration: underline;\"><\/span><\/p>\n<p>D\u00cdA &#8211; 13 de marzo<\/p>\n<p>HORA &#8211; 13:00<\/p>\n<p>RIVAL &#8211; Abantos<\/p>\n<p>Instalaci\u00f3n &#8211;\u00a0 El Zaburdon ( San Lorenzo del Escorial)<\/p>\n<p>&nbsp;<\/p>\n<p>&nbsp;<\/p>\n<p>[\/et_pb_text][\/et_pb_column][et_pb_column type=&#8221;1_2&#8243; _builder_version=&#8221;4.7.7&#8243; _module_preset=&#8221;default&#8221; global_colors_info=&#8221;{}&#8221;][et_pb_code _builder_version=&#8221;4.14.2&#8243; _module_preset=&#8221;default&#8221; global_colors_info=&#8221;{}&#8221;]<iframe src=\"https:\/\/www.google.com\/maps\/embed?pb=!1m18!1m12!1m3!1d3029.2483397122087!2d-4.129670283872256!3d40.602344152252385!2m3!1f0!2f0!3f0!3m2!1i1024!2i768!4f13.1!3m3!1m2!1s0xd410bb4cf99a82f%3A0x8e9f2d2fa9bec8a!2sEl%20Zaburd%C3%B3n!5e0!3m2!1ses!2ses!4v1646852757585!5m2!1ses!2ses\" width=\"400\" height=\"300\" style=\"border:0;\" allowfullscreen=\"\" loading=\"lazy\"><\/iframe>[\/et_pb_code][\/et_pb_column][\/et_pb_row][et_pb_row column_structure=&#8221;1_2,1_2&#8243; _builder_version=&#8221;4.7.7&#8243; _module_preset=&#8221;default&#8221; global_colors_info=&#8221;{}&#8221;][et_pb_column type=&#8221;1_2&#8243; _builder_version=&#8221;4.7.7&#8243; _module_preset=&#8221;default&#8221; global_colors_info=&#8221;{}&#8221;][et_pb_text _builder_version=&#8221;4.14.2&#8243; _module_preset=&#8221;default&#8221; text_font=&#8221;Alata|700|||||||&#8221; text_font_size=&#8221;24px&#8221; header_font_size=&#8221;35px&#8221; custom_padding=&#8221;10px|||||&#8221; border_width_top=&#8221;5px&#8221; border_color_top=&#8221;#ffd900&#8243; border_width_bottom=&#8221;5px&#8221; border_color_bottom=&#8221;#00baee&#8221; global_colors_info=&#8221;{}&#8221;]<\/p>\n<h1 class=\"et_pb_module_header et-fb-editable-element et-fb-editable-element__editing\" data-shortcode-id=\"0.0-1610804802086\" data-quickaccess-id=\"title\" contenteditable=\"true\" style=\"text-align: center;\">CADETE 1\u00aa DIVISI\u00d3N<\/h1>\n<p>[\/et_pb_text][et_pb_text _builder_version=&#8221;4.14.2&#8243; _module_preset=&#8221;default&#8221; text_font=&#8221;Alata||||||||&#8221; text_font_size=&#8221;20px&#8221; header_2_font=&#8221;||||||||&#8221; global_colors_info=&#8221;{}&#8221;]<\/p>\n<h2 class=\"entry-title\"><\/h2>\n<p><span style=\"text-decoration: underline;\"><\/span><\/p>\n<p>D\u00cdA &#8211; 12 de marzo<\/p>\n<p>HORA &#8211; 16:00<\/p>\n<p>RIVAL &#8211; Deporcoslada<\/p>\n<p>Instalaci\u00f3n &#8211;\u00a0 Miguel Guillen Prim<\/p>\n<p>&nbsp;<\/p>\n<p>&nbsp;<\/p>\n<p>[\/et_pb_text][\/et_pb_column][et_pb_column type=&#8221;1_2&#8243; _builder_version=&#8221;4.7.7&#8243; _module_preset=&#8221;default&#8221; global_colors_info=&#8221;{}&#8221;][et_pb_code _builder_version=&#8221;4.14.2&#8243; _module_preset=&#8221;default&#8221; global_colors_info=&#8221;{}&#8221;]<iframe src=\"https:\/\/www.google.com\/maps\/embed?pb=!1m18!1m12!1m3!1d3039.5893005304997!2d-3.6252481838756907!3d40.37363006618235!2m3!1f0!2f0!3f0!3m2!1i1024!2i768!4f13.1!3m3!1m2!1s0xd4224553f44827f%3A0x9e843b3bfd68dc35!2sInstalaci%C3%B3n%20Deportiva%20Municipal%20Miguel%20Guill%C3%A9n%20Prim!5e0!3m2!1ses!2ses!4v1646853115049!5m2!1ses!2ses\" width=\"400\" height=\"300\" style=\"border:0;\" allowfullscreen=\"\" loading=\"lazy\"><\/iframe>[\/et_pb_code][\/et_pb_column][\/et_pb_row][et_pb_row column_structure=&#8221;1_2,1_2&#8243; _builder_version=&#8221;4.7.7&#8243; _module_preset=&#8221;default&#8221; global_colors_info=&#8221;{}&#8221;][et_pb_column type=&#8221;1_2&#8243; _builder_version=&#8221;4.7.7&#8243; _module_preset=&#8221;default&#8221; global_colors_info=&#8221;{}&#8221;][et_pb_text _builder_version=&#8221;4.14.2&#8243; _module_preset=&#8221;default&#8221; text_font=&#8221;Alata|700|||||||&#8221; text_font_size=&#8221;24px&#8221; header_font_size=&#8221;35px&#8221; custom_padding=&#8221;10px|||||&#8221; border_width_top=&#8221;5px&#8221; border_color_top=&#8221;#ffd900&#8243; border_width_bottom=&#8221;5px&#8221; border_color_bottom=&#8221;#00baee&#8221; global_colors_info=&#8221;{}&#8221;]<\/p>\n<h1 class=\"et_pb_module_header et-fb-editable-element et-fb-editable-element__editing\" data-shortcode-id=\"0.0-1610804802086\" data-quickaccess-id=\"title\" contenteditable=\"true\" style=\"text-align: center;\">CADETE 2\u00aa DIVISI\u00d3N<\/h1>\n<p>[\/et_pb_text][et_pb_text _builder_version=&#8221;4.14.2&#8243; _module_preset=&#8221;default&#8221; text_font=&#8221;Alata||||||||&#8221; text_font_size=&#8221;20px&#8221; header_2_font=&#8221;||||||||&#8221; global_colors_info=&#8221;{}&#8221;]<\/p>\n<h2 class=\"entry-title\"><\/h2>\n<p><span style=\"text-decoration: underline;\"><\/span><\/p>\n<p>D\u00cdA &#8211; 12 de marzo<\/p>\n<p>HORA &#8211; 13:45<\/p>\n<p>RIVAL &#8211; El Valle B<\/p>\n<p>Instalaci\u00f3n &#8211;\u00a0 El Valle (Sanchinarro)<\/p>\n<p>&nbsp;<\/p>\n<p>&nbsp;<\/p>\n<p>[\/et_pb_text][\/et_pb_column][et_pb_column type=&#8221;1_2&#8243; _builder_version=&#8221;4.7.7&#8243; _module_preset=&#8221;default&#8221; global_colors_info=&#8221;{}&#8221;][et_pb_code _builder_version=&#8221;4.14.2&#8243; _module_preset=&#8221;default&#8221; global_colors_info=&#8221;{}&#8221;]<iframe src=\"https:\/\/www.google.com\/maps\/embed?pb=!1m18!1m12!1m3!1d3033.8461436738767!2d-3.65586458387378!3d40.50078515844539!2m3!1f0!2f0!3f0!3m2!1i1024!2i768!4f13.1!3m3!1m2!1s0xd422c031f6673e7%3A0x93d3c93cb863545a!2sColegio%20El%20Valle%20Sanchinarro!5e0!3m2!1ses!2ses!4v1646853239470!5m2!1ses!2ses\" width=\"400\" height=\"300\" style=\"border:0;\" allowfullscreen=\"\" loading=\"lazy\"><\/iframe>[\/et_pb_code][\/et_pb_column][\/et_pb_row][et_pb_row column_structure=&#8221;1_2,1_2&#8243; _builder_version=&#8221;4.7.7&#8243; _module_preset=&#8221;default&#8221; global_colors_info=&#8221;{}&#8221;][et_pb_column type=&#8221;1_2&#8243; _builder_version=&#8221;4.7.7&#8243; _module_preset=&#8221;default&#8221; global_colors_info=&#8221;{}&#8221;][et_pb_text _builder_version=&#8221;4.14.2&#8243; _module_preset=&#8221;default&#8221; text_font=&#8221;Alata|700|||||||&#8221; text_font_size=&#8221;24px&#8221; header_font_size=&#8221;35px&#8221; custom_padding=&#8221;10px|||||&#8221; border_width_top=&#8221;5px&#8221; border_color_top=&#8221;#ffd900&#8243; border_width_bottom=&#8221;5px&#8221; border_color_bottom=&#8221;#00baee&#8221; global_colors_info=&#8221;{}&#8221;]<\/p>\n<h1 class=\"et_pb_module_header et-fb-editable-element et-fb-editable-element__editing\" data-shortcode-id=\"0.0-1610804802086\" data-quickaccess-id=\"title\" contenteditable=\"true\" style=\"text-align: center;\">INFANTIL 1\u00aa DIVISI\u00d3N<\/h1>\n<p>[\/et_pb_text][et_pb_text _builder_version=&#8221;4.14.2&#8243; _module_preset=&#8221;default&#8221; text_font=&#8221;Alata||||||||&#8221; text_font_size=&#8221;20px&#8221; header_2_font=&#8221;||||||||&#8221; global_colors_info=&#8221;{}&#8221;]<\/p>\n<h2 class=\"entry-title\"><\/h2>\n<p><span style=\"text-decoration: underline;\"><\/span><\/p>\n<p>D\u00cdA &#8211; 13 de marzo<\/p>\n<p>HORA &#8211; 13:00<\/p>\n<p>RIVAL &#8211; Ciudad de Alcorc\u00f3n A<\/p>\n<p>Instalaci\u00f3n &#8211;\u00a0 Miguel Guillen Prim<\/p>\n<p>&nbsp;<\/p>\n<p>&nbsp;<\/p>\n<p>[\/et_pb_text][\/et_pb_column][et_pb_column type=&#8221;1_2&#8243; _builder_version=&#8221;4.7.7&#8243; _module_preset=&#8221;default&#8221; global_colors_info=&#8221;{}&#8221;][et_pb_code _builder_version=&#8221;4.14.2&#8243; _module_preset=&#8221;default&#8221; global_colors_info=&#8221;{}&#8221;]<iframe src=\"https:\/\/www.google.com\/maps\/embed?pb=!1m18!1m12!1m3!1d3039.5893005304997!2d-3.6252481838756907!3d40.37363006618235!2m3!1f0!2f0!3f0!3m2!1i1024!2i768!4f13.1!3m3!1m2!1s0xd4224553f44827f%3A0x9e843b3bfd68dc35!2sInstalaci%C3%B3n%20Deportiva%20Municipal%20Miguel%20Guill%C3%A9n%20Prim!5e0!3m2!1ses!2ses!4v1646853115049!5m2!1ses!2ses\" width=\"400\" height=\"300\" style=\"border:0;\" allowfullscreen=\"\" loading=\"lazy\"><\/iframe>[\/et_pb_code][\/et_pb_column][\/et_pb_row][et_pb_row column_structure=&#8221;1_2,1_2&#8243; _builder_version=&#8221;4.7.7&#8243; _module_preset=&#8221;default&#8221; global_colors_info=&#8221;{}&#8221;][et_pb_column type=&#8221;1_2&#8243; _builder_version=&#8221;4.7.7&#8243; _module_preset=&#8221;default&#8221; global_colors_info=&#8221;{}&#8221;][et_pb_text _builder_version=&#8221;4.14.2&#8243; _module_preset=&#8221;default&#8221; text_font=&#8221;Alata|700|||||||&#8221; text_font_size=&#8221;24px&#8221; header_font_size=&#8221;35px&#8221; custom_padding=&#8221;10px|||||&#8221; border_width_top=&#8221;5px&#8221; border_color_top=&#8221;#ffd900&#8243; border_width_bottom=&#8221;5px&#8221; border_color_bottom=&#8221;#00baee&#8221; global_colors_info=&#8221;{}&#8221;]<\/p>\n<h1 class=\"et_pb_module_header et-fb-editable-element et-fb-editable-element__editing\" data-shortcode-id=\"0.0-1610804802086\" data-quickaccess-id=\"title\" contenteditable=\"true\" style=\"text-align: center;\">INFANTIL 2\u00aa DIVISI\u00d3N<\/h1>\n<p>[\/et_pb_text][et_pb_text _builder_version=&#8221;4.14.2&#8243; _module_preset=&#8221;default&#8221; text_font=&#8221;Alata||||||||&#8221; text_font_size=&#8221;20px&#8221; header_2_font=&#8221;||||||||&#8221; global_colors_info=&#8221;{}&#8221;]<\/p>\n<h2 class=\"entry-title\"><\/h2>\n<p><span style=\"text-decoration: underline;\"><\/span><\/p>\n<p>D\u00cdA &#8211; 12 de marzo<\/p>\n<p>HORA &#8211; 11:00<\/p>\n<p>RIVAL &#8211; Pinar B<\/p>\n<p>Instalaci\u00f3n &#8211;\u00a0 M-4\u00aa Jos\u00e9 Calero\u00a0<\/p>\n<p>&nbsp;<\/p>\n<p>&nbsp;<\/p>\n<p>[\/et_pb_text][\/et_pb_column][et_pb_column type=&#8221;1_2&#8243; _builder_version=&#8221;4.7.7&#8243; _module_preset=&#8221;default&#8221; global_colors_info=&#8221;{}&#8221;][et_pb_code _builder_version=&#8221;4.14.2&#8243; _module_preset=&#8221;default&#8221; global_colors_info=&#8221;{}&#8221;]<iframe src=\"https:\/\/www.google.com\/maps\/embed?pb=!1m18!1m12!1m3!1d3041.013565858777!2d-3.8383913838761545!3d40.342045068101!2m3!1f0!2f0!3f0!3m2!1i1024!2i768!4f13.1!3m3!1m2!1s0xd418ebb5102b96b%3A0xd1770596dc9e4133!2sM4%20Polideportivo%20Mar%C3%ADa%20Jos%C3%A9%20Calero!5e0!3m2!1ses!2ses!4v1646853431209!5m2!1ses!2ses\" width=\"400\" height=\"300\" style=\"border:0;\" allowfullscreen=\"\" loading=\"lazy\"><\/iframe>[\/et_pb_code][\/et_pb_column][\/et_pb_row][\/et_pb_section][et_pb_section fb_built=&#8221;1&#8243; _builder_version=&#8221;4.7.7&#8243; _module_preset=&#8221;default&#8221; custom_padding=&#8221;3px|||||&#8221; global_colors_info=&#8221;{}&#8221;][et_pb_row _builder_version=&#8221;4.14.2&#8243; _module_preset=&#8221;default&#8221; global_colors_info=&#8221;{}&#8221;][et_pb_column type=&#8221;4_4&#8243; _builder_version=&#8221;4.7.7&#8243; _module_preset=&#8221;default&#8221; global_colors_info=&#8221;{}&#8221;][et_pb_text _builder_version=&#8221;4.7.7&#8243; _module_preset=&#8221;default&#8221; text_font=&#8221;Alata||||||||&#8221; global_colors_info=&#8221;{}&#8221;]<\/p>\n<h3 style=\"text-align: center;\">SIGUENOS PARA NO PERDERTE NADA<\/h3>\n<p>[\/et_pb_text][et_pb_social_media_follow _builder_version=&#8221;4.14.2&#8243; _module_preset=&#8221;default&#8221; text_orientation=&#8221;center&#8221; global_colors_info=&#8221;{}&#8221;][et_pb_social_media_follow_network social_network=&#8221;twitter&#8221; url=&#8221;https:\/\/twitter.com\/juventud_VK&#8221; icon_color=&#8221;#ffffff&#8221; use_icon_font_size=&#8221;on&#8221; icon_font_size=&#8221;50px&#8221; _builder_version=&#8221;4.14.2&#8243; _module_preset=&#8221;default&#8221; background_color=&#8221;#00baee&#8221; background_enable_color=&#8221;on&#8221; custom_button=&#8221;on&#8221; button_text_size=&#8221;1px&#8221; global_colors_info=&#8221;{}&#8221; follow_button=&#8221;off&#8221; url_new_window=&#8221;on&#8221;]twitter[\/et_pb_social_media_follow_network][et_pb_social_media_follow_network social_network=&#8221;instagram&#8221; url=&#8221;https:\/\/www.instagram.com\/juventudvallekas\/?hl=es&#8221; use_icon_font_size=&#8221;on&#8221; icon_font_size=&#8221;50px&#8221; _builder_version=&#8221;4.14.2&#8243; _module_preset=&#8221;default&#8221; background_color=&#8221;#00baee&#8221; background_enable_color=&#8221;on&#8221; global_colors_info=&#8221;{}&#8221; follow_button=&#8221;off&#8221; url_new_window=&#8221;on&#8221;]instagram[\/et_pb_social_media_follow_network][et_pb_social_media_follow_network social_network=&#8221;youtube&#8221; url=&#8221;https:\/\/www.youtube.com\/channel\/UCWEGj4-4BvuqM4M3KmCPM6Q&#8221; use_icon_font_size=&#8221;on&#8221; icon_font_size=&#8221;50px&#8221; _builder_version=&#8221;4.7.7&#8243; _module_preset=&#8221;default&#8221; background_color=&#8221;#00baee&#8221; background_enable_color=&#8221;on&#8221; global_colors_info=&#8221;{}&#8221; follow_button=&#8221;off&#8221; url_new_window=&#8221;on&#8221;]youtube[\/et_pb_social_media_follow_network][\/et_pb_social_media_follow][\/et_pb_column][\/et_pb_row][\/et_pb_section]<\/p>\n","protected":false},"excerpt":{"rendered":"<p>HORARIOS PARTIDOSSENIOR-TERCERA DIVISI\u00d3N D\u00cdA &#8211; DESCANSA HORA &#8211; DESCANSA RIVAL &#8211; DESCANSA Instalaci\u00f3n &#8211; DESCANSA &nbsp; &nbsp;JUVENIL DH D\u00cdA &#8211; 12 de marzo HORA &#8211; 19:00 RIVAL &#8211; Moprisala Instalaci\u00f3n &#8211;\u00a0 Ol\u00edas del Rey (Toledo) &nbsp; &nbsp;<\/p>\n","protected":false},"author":1,"featured_media":0,"parent":0,"menu_order":0,"comment_status":"closed","ping_status":"closed","template":"","meta":{"_et_pb_use_builder":"on","_et_pb_old_content":"","_et_gb_content_width":"","footnotes":""},"class_list":["post-1285","page","type-page","status-publish","hentry"],"yoast_head":"<!-- This site is optimized with the Yoast SEO plugin v27.5 - https:\/\/yoast.com\/product\/yoast-seo-wordpress\/ -->\n<title>HORARIOS - juventudvallekas.com<\/title>\n<meta name=\"robots\" content=\"index, follow, max-snippet:-1, max-image-preview:large, max-video-preview:-1\" \/>\n<link rel=\"canonical\" href=\"https:\/\/juventudvallekas.com\/index.php\/horarios\/\" \/>\n<meta property=\"og:locale\" content=\"es_ES\" \/>\n<meta property=\"og:type\" content=\"article\" \/>\n<meta property=\"og:title\" content=\"HORARIOS - juventudvallekas.com\" \/>\n<meta property=\"og:description\" content=\"HORARIOS PARTIDOSSENIOR-TERCERA DIVISI\u00d3N D\u00cdA - DESCANSA HORA - DESCANSA RIVAL - DESCANSA Instalaci\u00f3n - DESCANSA &nbsp; &nbsp;JUVENIL DH D\u00cdA - 12 de marzo HORA - 19:00 RIVAL - Moprisala Instalaci\u00f3n -\u00a0 Ol\u00edas del Rey (Toledo) &nbsp; &nbsp;\" \/>\n<meta property=\"og:url\" content=\"https:\/\/juventudvallekas.com\/index.php\/horarios\/\" \/>\n<meta property=\"og:site_name\" content=\"juventudvallekas.com\" \/>\n<meta property=\"article:modified_time\" content=\"2022-04-07T15:33:44+00:00\" \/>\n<meta name=\"twitter:card\" content=\"summary_large_image\" \/>\n<meta name=\"twitter:site\" content=\"@GuillenPrim\" \/>\n<script type=\"application\/ld+json\" class=\"yoast-schema-graph\">{\"@context\":\"https:\\\/\\\/schema.org\",\"@graph\":[{\"@type\":\"WebPage\",\"@id\":\"https:\\\/\\\/juventudvallekas.com\\\/index.php\\\/horarios\\\/\",\"url\":\"https:\\\/\\\/juventudvallekas.com\\\/index.php\\\/horarios\\\/\",\"name\":\"HORARIOS - juventudvallekas.com\",\"isPartOf\":{\"@id\":\"https:\\\/\\\/juventudvallekas.com\\\/#website\"},\"datePublished\":\"2022-03-09T19:20:17+00:00\",\"dateModified\":\"2022-04-07T15:33:44+00:00\",\"breadcrumb\":{\"@id\":\"https:\\\/\\\/juventudvallekas.com\\\/index.php\\\/horarios\\\/#breadcrumb\"},\"inLanguage\":\"es\",\"potentialAction\":[{\"@type\":\"ReadAction\",\"target\":[\"https:\\\/\\\/juventudvallekas.com\\\/index.php\\\/horarios\\\/\"]}]},{\"@type\":\"BreadcrumbList\",\"@id\":\"https:\\\/\\\/juventudvallekas.com\\\/index.php\\\/horarios\\\/#breadcrumb\",\"itemListElement\":[{\"@type\":\"ListItem\",\"position\":1,\"name\":\"Portada\",\"item\":\"https:\\\/\\\/juventudvallekas.com\\\/\"},{\"@type\":\"ListItem\",\"position\":2,\"name\":\"HORARIOS\"}]},{\"@type\":\"WebSite\",\"@id\":\"https:\\\/\\\/juventudvallekas.com\\\/#website\",\"url\":\"https:\\\/\\\/juventudvallekas.com\\\/\",\"name\":\"juventudvallekas.com\",\"description\":\"Juventud Vallekas\",\"publisher\":{\"@id\":\"https:\\\/\\\/juventudvallekas.com\\\/#organization\"},\"potentialAction\":[{\"@type\":\"SearchAction\",\"target\":{\"@type\":\"EntryPoint\",\"urlTemplate\":\"https:\\\/\\\/juventudvallekas.com\\\/?s={search_term_string}\"},\"query-input\":{\"@type\":\"PropertyValueSpecification\",\"valueRequired\":true,\"valueName\":\"search_term_string\"}}],\"inLanguage\":\"es\"},{\"@type\":\"Organization\",\"@id\":\"https:\\\/\\\/juventudvallekas.com\\\/#organization\",\"name\":\"JUVENTUD VALLEKAS\",\"url\":\"https:\\\/\\\/juventudvallekas.com\\\/\",\"logo\":{\"@type\":\"ImageObject\",\"inLanguage\":\"es\",\"@id\":\"https:\\\/\\\/juventudvallekas.com\\\/#\\\/schema\\\/logo\\\/image\\\/\",\"url\":\"http:\\\/\\\/juventudvallekas.com\\\/wp-content\\\/uploads\\\/2021\\\/01\\\/cropped-PRIM-COLOR-TRANSPARENTE.png\",\"contentUrl\":\"http:\\\/\\\/juventudvallekas.com\\\/wp-content\\\/uploads\\\/2021\\\/01\\\/cropped-PRIM-COLOR-TRANSPARENTE.png\",\"width\":512,\"height\":512,\"caption\":\"JUVENTUD VALLEKAS\"},\"image\":{\"@id\":\"https:\\\/\\\/juventudvallekas.com\\\/#\\\/schema\\\/logo\\\/image\\\/\"},\"sameAs\":[\"https:\\\/\\\/x.com\\\/GuillenPrim\",\"https:\\\/\\\/www.instagram.com\\\/epmiguelguillenprim\\\/?hl=es\",\"https:\\\/\\\/www.youtube.com\\\/channel\\\/UCWEGj4-4BvuqM4M3KmCPM6Q\"]}]}<\/script>\n<!-- \/ Yoast SEO plugin. -->","yoast_head_json":{"title":"HORARIOS - juventudvallekas.com","robots":{"index":"index","follow":"follow","max-snippet":"max-snippet:-1","max-image-preview":"max-image-preview:large","max-video-preview":"max-video-preview:-1"},"canonical":"https:\/\/juventudvallekas.com\/index.php\/horarios\/","og_locale":"es_ES","og_type":"article","og_title":"HORARIOS - juventudvallekas.com","og_description":"HORARIOS PARTIDOSSENIOR-TERCERA DIVISI\u00d3N D\u00cdA - DESCANSA HORA - DESCANSA RIVAL - DESCANSA Instalaci\u00f3n - DESCANSA &nbsp; &nbsp;JUVENIL DH D\u00cdA - 12 de marzo HORA - 19:00 RIVAL - Moprisala Instalaci\u00f3n -\u00a0 Ol\u00edas del Rey (Toledo) &nbsp; &nbsp;","og_url":"https:\/\/juventudvallekas.com\/index.php\/horarios\/","og_site_name":"juventudvallekas.com","article_modified_time":"2022-04-07T15:33:44+00:00","twitter_card":"summary_large_image","twitter_site":"@GuillenPrim","schema":{"@context":"https:\/\/schema.org","@graph":[{"@type":"WebPage","@id":"https:\/\/juventudvallekas.com\/index.php\/horarios\/","url":"https:\/\/juventudvallekas.com\/index.php\/horarios\/","name":"HORARIOS - juventudvallekas.com","isPartOf":{"@id":"https:\/\/juventudvallekas.com\/#website"},"datePublished":"2022-03-09T19:20:17+00:00","dateModified":"2022-04-07T15:33:44+00:00","breadcrumb":{"@id":"https:\/\/juventudvallekas.com\/index.php\/horarios\/#breadcrumb"},"inLanguage":"es","potentialAction":[{"@type":"ReadAction","target":["https:\/\/juventudvallekas.com\/index.php\/horarios\/"]}]},{"@type":"BreadcrumbList","@id":"https:\/\/juventudvallekas.com\/index.php\/horarios\/#breadcrumb","itemListElement":[{"@type":"ListItem","position":1,"name":"Portada","item":"https:\/\/juventudvallekas.com\/"},{"@type":"ListItem","position":2,"name":"HORARIOS"}]},{"@type":"WebSite","@id":"https:\/\/juventudvallekas.com\/#website","url":"https:\/\/juventudvallekas.com\/","name":"juventudvallekas.com","description":"Juventud Vallekas","publisher":{"@id":"https:\/\/juventudvallekas.com\/#organization"},"potentialAction":[{"@type":"SearchAction","target":{"@type":"EntryPoint","urlTemplate":"https:\/\/juventudvallekas.com\/?s={search_term_string}"},"query-input":{"@type":"PropertyValueSpecification","valueRequired":true,"valueName":"search_term_string"}}],"inLanguage":"es"},{"@type":"Organization","@id":"https:\/\/juventudvallekas.com\/#organization","name":"JUVENTUD VALLEKAS","url":"https:\/\/juventudvallekas.com\/","logo":{"@type":"ImageObject","inLanguage":"es","@id":"https:\/\/juventudvallekas.com\/#\/schema\/logo\/image\/","url":"http:\/\/juventudvallekas.com\/wp-content\/uploads\/2021\/01\/cropped-PRIM-COLOR-TRANSPARENTE.png","contentUrl":"http:\/\/juventudvallekas.com\/wp-content\/uploads\/2021\/01\/cropped-PRIM-COLOR-TRANSPARENTE.png","width":512,"height":512,"caption":"JUVENTUD VALLEKAS"},"image":{"@id":"https:\/\/juventudvallekas.com\/#\/schema\/logo\/image\/"},"sameAs":["https:\/\/x.com\/GuillenPrim","https:\/\/www.instagram.com\/epmiguelguillenprim\/?hl=es","https:\/\/www.youtube.com\/channel\/UCWEGj4-4BvuqM4M3KmCPM6Q"]}]}},"_links":{"self":[{"href":"https:\/\/juventudvallekas.com\/index.php\/wp-json\/wp\/v2\/pages\/1285","targetHints":{"allow":["GET"]}}],"collection":[{"href":"https:\/\/juventudvallekas.com\/index.php\/wp-json\/wp\/v2\/pages"}],"about":[{"href":"https:\/\/juventudvallekas.com\/index.php\/wp-json\/wp\/v2\/types\/page"}],"author":[{"embeddable":true,"href":"https:\/\/juventudvallekas.com\/index.php\/wp-json\/wp\/v2\/users\/1"}],"replies":[{"embeddable":true,"href":"https:\/\/juventudvallekas.com\/index.php\/wp-json\/wp\/v2\/comments?post=1285"}],"version-history":[{"count":8,"href":"https:\/\/juventudvallekas.com\/index.php\/wp-json\/wp\/v2\/pages\/1285\/revisions"}],"predecessor-version":[{"id":1621,"href":"https:\/\/juventudvallekas.com\/index.php\/wp-json\/wp\/v2\/pages\/1285\/revisions\/1621"}],"wp:attachment":[{"href":"https:\/\/juventudvallekas.com\/index.php\/wp-json\/wp\/v2\/media?parent=1285"}],"curies":[{"name":"wp","href":"https:\/\/api.w.org\/{rel}","templated":true}]}}